{"id":7,"date":"2015-12-15T07:37:19","date_gmt":"2015-12-15T07:37:19","guid":{"rendered":"http:\/\/consulting.stylemixthemes.com\/demo\/?page_id=7"},"modified":"2025-08-06T15:12:51","modified_gmt":"2025-08-06T13:12:51","slug":"news","status":"publish","type":"page","link":"https:\/\/sfconsultores.com\/en\/news\/","title":{"rendered":"News"},"content":{"rendered":"\t\t<div data-elementor-type=\"wp-page\" data-elementor-id=\"7\" class=\"elementor elementor-7\" data-elementor-post-type=\"page\">\n\t\t\t\t\t\t<section class=\"elementor-section elementor-top-section elementor-element elementor-element-10070ae1 elementor-section-stretched elementor-section-boxed elementor-section-height-default elementor-section-height-default\" data-id=\"10070ae1\" data-element_type=\"section\" data-settings=\"{&quot;background_background&quot;:&quot;classic&quot;,&quot;stretch_section&quot;:&quot;section-stretched&quot;}\">\n\t\t\t\t\t\t\t<div class=\"elementor-background-overlay\"><\/div>\n\t\t\t\t\t\t\t<div class=\"elementor-container elementor-column-gap-default\">\n\t\t\t\t\t<div class=\"elementor-column elementor-col-100 elementor-top-column elementor-element elementor-element-4ac09f94\" data-id=\"4ac09f94\" data-element_type=\"column\">\n\t\t\t<div class=\"elementor-widget-wrap elementor-element-populated\">\n\t\t\t\t\t\t<div class=\"elementor-element elementor-element-262bd772 elementor-widget elementor-widget-heading\" data-id=\"262bd772\" data-element_type=\"widget\" data-widget_type=\"heading.default\">\n\t\t\t\t<div class=\"elementor-widget-container\">\n\t\t\t\t\t<h1 class=\"elementor-heading-title elementor-size-default\">News SF Consultores<\/h1>\t\t\t\t<\/div>\n\t\t\t\t<\/div>\n\t\t\t\t\t<\/div>\n\t\t<\/div>\n\t\t\t\t\t<\/div>\n\t\t<\/section>\n\t\t\t\t<section class=\"elementor-section elementor-top-section elementor-element elementor-element-635919f elementor-section-boxed elementor-section-height-default elementor-section-height-default\" data-id=\"635919f\" data-element_type=\"section\">\n\t\t\t\t\t\t<div class=\"elementor-container elementor-column-gap-wide\">\n\t\t\t\t\t<div class=\"elementor-column elementor-col-50 elementor-top-column elementor-element elementor-element-3521804\" data-id=\"3521804\" data-element_type=\"column\">\n\t\t\t<div class=\"elementor-widget-wrap elementor-element-populated\">\n\t\t\t\t\t\t<div class=\"elementor-element elementor-element-219560e elementor-grid-1 elementor-grid-tablet-2 elementor-grid-mobile-1 elementor-posts--thumbnail-top elementor-card-shadow-yes elementor-posts__hover-gradient elementor-widget elementor-widget-posts\" data-id=\"219560e\" data-element_type=\"widget\" data-settings=\"{&quot;cards_columns&quot;:&quot;1&quot;,&quot;cards_columns_tablet&quot;:&quot;2&quot;,&quot;cards_columns_mobile&quot;:&quot;1&quot;,&quot;cards_row_gap&quot;:{&quot;unit&quot;:&quot;px&quot;,&quot;size&quot;:35,&quot;sizes&quot;:[]},&quot;cards_row_gap_tablet&quot;:{&quot;unit&quot;:&quot;px&quot;,&quot;size&quot;:&quot;&quot;,&quot;sizes&quot;:[]},&quot;cards_row_gap_mobile&quot;:{&quot;unit&quot;:&quot;px&quot;,&quot;size&quot;:&quot;&quot;,&quot;sizes&quot;:[]}}\" data-widget_type=\"posts.cards\">\n\t\t\t\t<div class=\"elementor-widget-container\">\n\t\t\t\t\t\t\t<div class=\"elementor-posts-container elementor-posts elementor-posts--skin-cards elementor-grid\" role=\"list\">\n\t\t\t\t<article class=\"elementor-post elementor-grid-item post-4253 post type-post status-publish format-standard hentry category-news\" role=\"listitem\">\n\t\t\t<div class=\"elementor-post__card\">\n\t\t\t\t<div class=\"elementor-post__text\">\n\t\t\t\t<h3 class=\"elementor-post__title\">\n\t\t\t<a href=\"https:\/\/sfconsultores.com\/en\/cdti-measures-to-request-new-aid-for-investment-research-and-development-projects\/\" >\n\t\t\t\tCDTI measures to request new aid for investment, research and development projects\t\t\t<\/a>\n\t\t<\/h3>\n\t\t\t\t<div class=\"elementor-post__excerpt\">\n\t\t\t<p>Given the adverse circumstances that are affecting our country and its foreseeable negative effects on economic activity, CDTI has decided to take a series of measures to speed up and<\/p>\n\t\t<\/div>\n\t\t\n\t\t<a class=\"elementor-post__read-more\" href=\"https:\/\/sfconsultores.com\/en\/cdti-measures-to-request-new-aid-for-investment-research-and-development-projects\/\" aria-label=\"Read more about CDTI measures to request new aid for investment, research and development projects\" tabindex=\"-1\" >\n\t\t\tRead more \u00bb\t\t<\/a>\n\n\t\t\t\t<\/div>\n\t\t\t\t\t<\/div>\n\t\t<\/article>\n\t\t\t\t<article class=\"elementor-post elementor-grid-item post-4252 post type-post status-publish format-standard hentry category-news\" role=\"listitem\">\n\t\t\t<div class=\"elementor-post__card\">\n\t\t\t\t<div class=\"elementor-post__text\">\n\t\t\t\t<h3 class=\"elementor-post__title\">\n\t\t\t<a href=\"https:\/\/sfconsultores.com\/en\/call-2020-aid-to-valencian-industrial-sectors-subsidy-35\/\" >\n\t\t\t\tCall 2020 aid to Valencian industrial sectors: subsidy 35%\t\t\t<\/a>\n\t\t<\/h3>\n\t\t\t\t<div class=\"elementor-post__excerpt\">\n\t\t\t<p>For the third consecutive year, what is being the main aid in the field of industrial investment in the Valencian Community is convened. With subsidies of 35% and a simple<\/p>\n\t\t<\/div>\n\t\t\n\t\t<a class=\"elementor-post__read-more\" href=\"https:\/\/sfconsultores.com\/en\/call-2020-aid-to-valencian-industrial-sectors-subsidy-35\/\" aria-label=\"Read more about Call 2020 aid to Valencian industrial sectors: subsidy 35%\" tabindex=\"-1\" >\n\t\t\tRead more \u00bb\t\t<\/a>\n\n\t\t\t\t<\/div>\n\t\t\t\t\t<\/div>\n\t\t<\/article>\n\t\t\t\t<article class=\"elementor-post elementor-grid-item post-4251 post type-post status-publish format-standard hentry category-news\" role=\"listitem\">\n\t\t\t<div class=\"elementor-post__card\">\n\t\t\t\t<div class=\"elementor-post__text\">\n\t\t\t\t<h3 class=\"elementor-post__title\">\n\t\t\t<a href=\"https:\/\/sfconsultores.com\/en\/aid-2020-torres-quevedo-and-industrial-doctorates\/\" >\n\t\t\t\tAid 2020 Torres Quevedo and Industrial Doctorates\t\t\t<\/a>\n\t\t<\/h3>\n\t\t\t\t<div class=\"elementor-post__excerpt\">\n\t\t\t<p>On December 12, the 2020 calls for TORRES QUEVEDO and INDUSTRIAL DOCTORATES grants were published. For several years, these grants provide public support to those companies that are committed to<\/p>\n\t\t<\/div>\n\t\t\n\t\t<a class=\"elementor-post__read-more\" href=\"https:\/\/sfconsultores.com\/en\/aid-2020-torres-quevedo-and-industrial-doctorates\/\" aria-label=\"Read more about Aid 2020 Torres Quevedo and Industrial Doctorates\" tabindex=\"-1\" >\n\t\t\tRead more \u00bb\t\t<\/a>\n\n\t\t\t\t<\/div>\n\t\t\t\t\t<\/div>\n\t\t<\/article>\n\t\t\t\t<article class=\"elementor-post elementor-grid-item post-4250 post type-post status-publish format-standard hentry category-noticias\" role=\"listitem\">\n\t\t\t<div class=\"elementor-post__card\">\n\t\t\t\t<div class=\"elementor-post__text\">\n\t\t\t\t<h3 class=\"elementor-post__title\">\n\t\t\t<a href=\"https:\/\/sfconsultores.com\/en\/new-calls-unified-loans-institut-valencia-de-finances\/\" >\n\t\t\t\tNew Unified Loans Calls Institut Valenci\u00e0 de Finances\t\t\t<\/a>\n\t\t<\/h3>\n\t\t\t\t<div class=\"elementor-post__excerpt\">\n\t\t\t<p>Today, November 22, 2019, the new calls for subsidized loans by the Institut Valenci\u00e0 de Finances have been published in the DOGV. The objective of these lines is to provide<\/p>\n\t\t<\/div>\n\t\t\n\t\t<a class=\"elementor-post__read-more\" href=\"https:\/\/sfconsultores.com\/en\/new-calls-unified-loans-institut-valencia-de-finances\/\" aria-label=\"Read more about New Unified Loans Calls Institut Valenci\u00e0 de Finances\" tabindex=\"-1\" >\n\t\t\tRead more \u00bb\t\t<\/a>\n\n\t\t\t\t<\/div>\n\t\t\t\t\t<\/div>\n\t\t<\/article>\n\t\t\t\t<article class=\"elementor-post elementor-grid-item post-4249 post type-post status-publish format-standard hentry category-noticias\" role=\"listitem\">\n\t\t\t<div class=\"elementor-post__card\">\n\t\t\t\t<div class=\"elementor-post__text\">\n\t\t\t\t<h3 class=\"elementor-post__title\">\n\t\t\t<a href=\"https:\/\/sfconsultores.com\/en\/new-calls-ivace-of-help-to-companies\/\" >\n\t\t\t\tNew IVACE Calls for Business Assistance\t\t\t<\/a>\n\t\t<\/h3>\n\t\t\t\t<div class=\"elementor-post__excerpt\">\n\t\t\t<p>The publication of IVACE&#8217;s new calls for business assistance is planned for the coming weeks. Support programs such as Research and Development, Investment in Innovation, Digitalization, Creation of Technology-Based Companies<\/p>\n\t\t<\/div>\n\t\t\n\t\t<a class=\"elementor-post__read-more\" href=\"https:\/\/sfconsultores.com\/en\/new-calls-ivace-of-help-to-companies\/\" aria-label=\"Read more about New IVACE Calls for Business Assistance\" tabindex=\"-1\" >\n\t\t\tRead more \u00bb\t\t<\/a>\n\n\t\t\t\t<\/div>\n\t\t\t\t\t<\/div>\n\t\t<\/article>\n\t\t\t\t<article class=\"elementor-post elementor-grid-item post-4248 post type-post status-publish format-standard hentry category-noticias\" role=\"listitem\">\n\t\t\t<div class=\"elementor-post__card\">\n\t\t\t\t<div class=\"elementor-post__text\">\n\t\t\t\t<h3 class=\"elementor-post__title\">\n\t\t\t<a href=\"https:\/\/sfconsultores.com\/en\/new-plan-of-support-to-the-idi\/\" >\n\t\t\t\tNew Plan to support the I+D+i\t\t\t<\/a>\n\t\t<\/h3>\n\t\t\t\t<div class=\"elementor-post__excerpt\">\n\t\t\t<p>The Ministry of Industry launched on October 17 the call for a new program to support I+D+i activities . Focused on industrial sectors, the new aid provides 10-year interest-free loans<\/p>\n\t\t<\/div>\n\t\t\n\t\t<a class=\"elementor-post__read-more\" href=\"https:\/\/sfconsultores.com\/en\/new-plan-of-support-to-the-idi\/\" aria-label=\"Read more about New Plan to support the I+D+i\" tabindex=\"-1\" >\n\t\t\tRead more \u00bb\t\t<\/a>\n\n\t\t\t\t<\/div>\n\t\t\t\t\t<\/div>\n\t\t<\/article>\n\t\t\t\t<article class=\"elementor-post elementor-grid-item post-4247 post type-post status-publish format-standard hentry category-noticias\" role=\"listitem\">\n\t\t\t<div class=\"elementor-post__card\">\n\t\t\t\t<div class=\"elementor-post__text\">\n\t\t\t\t<h3 class=\"elementor-post__title\">\n\t\t\t<a href=\"https:\/\/sfconsultores.com\/en\/imminent-call-for-subsidies-until-40-to-the-agribusiness-sector\/\" >\n\t\t\t\tIMMINENT CALL FOR GRANTS UP TO 40% TO THE AGROINDUSTRIAL SECTOR\t\t\t<\/a>\n\t\t<\/h3>\n\t\t\t\t<div class=\"elementor-post__excerpt\">\n\t\t\t<p>The Department of Agriculture published last May the bases of a new call for aid to Valencian industries in the agribusiness sector. This is a single call until 2021 for<\/p>\n\t\t<\/div>\n\t\t\n\t\t<a class=\"elementor-post__read-more\" href=\"https:\/\/sfconsultores.com\/en\/imminent-call-for-subsidies-until-40-to-the-agribusiness-sector\/\" aria-label=\"Read more about IMMINENT CALL FOR GRANTS UP TO 40% TO THE AGROINDUSTRIAL SECTOR\" tabindex=\"-1\" >\n\t\t\tRead more \u00bb\t\t<\/a>\n\n\t\t\t\t<\/div>\n\t\t\t\t\t<\/div>\n\t\t<\/article>\n\t\t\t\t<article class=\"elementor-post elementor-grid-item post-4246 post type-post status-publish format-standard hentry category-boletin\" role=\"listitem\">\n\t\t\t<div class=\"elementor-post__card\">\n\t\t\t\t<div class=\"elementor-post__text\">\n\t\t\t\t<h3 class=\"elementor-post__title\">\n\t\t\t<a href=\"https:\/\/sfconsultores.com\/en\/new-call-program-neotec-to-innovative-companies-of-recent-creation\/\" >\n\t\t\t\tNew call NEOTEC Program to innovative companies of recent creation\t\t\t<\/a>\n\t\t<\/h3>\n\t\t\t\t<div class=\"elementor-post__excerpt\">\n\t\t\t<p>On the 16th, the 2019 call for the NEOTEC program was opened. Endowed with 25,000,000 euros, it is the main national program of support for new companies linked to innovation.<\/p>\n\t\t<\/div>\n\t\t\n\t\t<a class=\"elementor-post__read-more\" href=\"https:\/\/sfconsultores.com\/en\/new-call-program-neotec-to-innovative-companies-of-recent-creation\/\" aria-label=\"Read more about New call NEOTEC Program to innovative companies of recent creation\" tabindex=\"-1\" >\n\t\t\tRead more \u00bb\t\t<\/a>\n\n\t\t\t\t<\/div>\n\t\t\t\t\t<\/div>\n\t\t<\/article>\n\t\t\t\t<article class=\"elementor-post elementor-grid-item post-4245 post type-post status-publish format-standard hentry category-boletin\" role=\"listitem\">\n\t\t\t<div class=\"elementor-post__card\">\n\t\t\t\t<div class=\"elementor-post__text\">\n\t\t\t\t<h3 class=\"elementor-post__title\">\n\t\t\t<a href=\"https:\/\/sfconsultores.com\/en\/call-national-technologies-information\/\" >\n\t\t\t\tNational call for I+D project in the field of information technologies\t\t\t<\/a>\n\t\t<\/h3>\n\t\t\t\t<div class=\"elementor-post__excerpt\">\n\t\t\t<p>After a year without publication, national aid heirs of the old AVANZA program are called again. This is the Call for Aid for Digital Enabling Technologies. Open to SMEs and<\/p>\n\t\t<\/div>\n\t\t\n\t\t<a class=\"elementor-post__read-more\" href=\"https:\/\/sfconsultores.com\/en\/call-national-technologies-information\/\" aria-label=\"Read more about National call for I+D project in the field of information technologies\" tabindex=\"-1\" >\n\t\t\tRead more \u00bb\t\t<\/a>\n\n\t\t\t\t<\/div>\n\t\t\t\t\t<\/div>\n\t\t<\/article>\n\t\t\t\t<article class=\"elementor-post elementor-grid-item post-4244 post type-post status-publish format-standard hentry category-boletin\" role=\"listitem\">\n\t\t\t<div class=\"elementor-post__card\">\n\t\t\t\t<div class=\"elementor-post__text\">\n\t\t\t\t<h3 class=\"elementor-post__title\">\n\t\t\t<a href=\"https:\/\/sfconsultores.com\/en\/approval-funds-subsidy-energy-efficiency-industry\/\" >\n\t\t\t\tApproval of funds in the form of a subsidy for energy efficiency in industry\t\t\t<\/a>\n\t\t<\/h3>\n\t\t\t\t<div class=\"elementor-post__excerpt\">\n\t\t\t<p>The Institute for Diversification and Energy Saving has approved the transfer of its funds to the autonomous communities for the provision of subsidy lines for investments in energy efficiency improvement.<\/p>\n\t\t<\/div>\n\t\t\n\t\t<a class=\"elementor-post__read-more\" href=\"https:\/\/sfconsultores.com\/en\/approval-funds-subsidy-energy-efficiency-industry\/\" aria-label=\"Read more about Approval of funds in the form of a subsidy for energy efficiency in industry\" tabindex=\"-1\" >\n\t\t\tRead more \u00bb\t\t<\/a>\n\n\t\t\t\t<\/div>\n\t\t\t\t\t<\/div>\n\t\t<\/article>\n\t\t\t\t<article class=\"elementor-post elementor-grid-item post-4243 post type-post status-publish format-standard has-post-thumbnail hentry category-boletin\" role=\"listitem\">\n\t\t\t<div class=\"elementor-post__card\">\n\t\t\t\t<a class=\"elementor-post__thumbnail__link\" href=\"https:\/\/sfconsultores.com\/en\/eficiencia-energetica-que-ayudas-existen\/\" tabindex=\"-1\" ><div class=\"elementor-post__thumbnail\"><img fetchpriority=\"high\" decoding=\"async\" width=\"593\" height=\"393\" src=\"https:\/\/sfconsultores.com\/en\/wp-content\/uploads\/2019\/01\/sf-consultores.jpg\" class=\"attachment-full size-full wp-image-2120\" alt=\"eficiencia energ\u00e9tica\" srcset=\"https:\/\/sfconsultores.com\/en\/wp-content\/uploads\/2019\/01\/sf-consultores.jpg 593w, https:\/\/sfconsultores.com\/en\/wp-content\/uploads\/2019\/01\/sf-consultores-300x199.jpg 300w\" sizes=\"(max-width: 593px) 100vw, 593px\" \/><\/div><\/a>\n\t\t\t\t<div class=\"elementor-post__badge\">Boletin<\/div>\n\t\t\t\t<div class=\"elementor-post__text\">\n\t\t\t\t<h3 class=\"elementor-post__title\">\n\t\t\t<a href=\"https:\/\/sfconsultores.com\/en\/eficiencia-energetica-que-ayudas-existen\/\" >\n\t\t\t\tEnergy efficiency: what aid exists?\t\t\t<\/a>\n\t\t<\/h3>\n\t\t\t\t<div class=\"elementor-post__excerpt\">\n\t\t\t<p>Do you know what to do to make your company efficient? It doesn&#8217;t matter if your business is an PYME or a large company since, the tips and the helps<\/p>\n\t\t<\/div>\n\t\t\n\t\t<a class=\"elementor-post__read-more\" href=\"https:\/\/sfconsultores.com\/en\/eficiencia-energetica-que-ayudas-existen\/\" aria-label=\"Read more about Energy efficiency: what aid exists?\" tabindex=\"-1\" >\n\t\t\tRead more \u00bb\t\t<\/a>\n\n\t\t\t\t<\/div>\n\t\t\t\t\t<\/div>\n\t\t<\/article>\n\t\t\t\t<article class=\"elementor-post elementor-grid-item post-4242 post type-post status-publish format-standard hentry category-boletin\" role=\"listitem\">\n\t\t\t<div class=\"elementor-post__card\">\n\t\t\t\t<div class=\"elementor-post__text\">\n\t\t\t\t<h3 class=\"elementor-post__title\">\n\t\t\t<a href=\"https:\/\/sfconsultores.com\/en\/new-calls-of-aid-to-the-investment-until-the-45-to-fund-lost\/\" >\n\t\t\t\tNEW CALLS FOR INVESTMENT AID UP TO 45% ON LOST FUND\t\t\t<\/a>\n\t\t<\/h3>\n\t\t\t\t<div class=\"elementor-post__excerpt\">\n\t\t\t<p>[vc_row][vc_column][vc_column_text] OPEN CALLS AID FOR PRODUCTIVE INVESTMENT A) Subsidy for Creation, Modernization and New Production Lines up to 35%: SECTORS INCLUDED: PLASTIC CONTAINERS AND PACKAGING CHILDREN&#8217;S PRODUCTS PAPER AND GRAPHIC<\/p>\n\t\t<\/div>\n\t\t\n\t\t<a class=\"elementor-post__read-more\" href=\"https:\/\/sfconsultores.com\/en\/new-calls-of-aid-to-the-investment-until-the-45-to-fund-lost\/\" aria-label=\"Read more about NEW CALLS FOR INVESTMENT AID UP TO 45% ON LOST FUND\" tabindex=\"-1\" >\n\t\t\tRead more \u00bb\t\t<\/a>\n\n\t\t\t\t<\/div>\n\t\t\t\t\t<\/div>\n\t\t<\/article>\n\t\t\t\t<article class=\"elementor-post elementor-grid-item post-4241 post type-post status-publish format-standard hentry category-noticias\" role=\"listitem\">\n\t\t\t<div class=\"elementor-post__card\">\n\t\t\t\t<div class=\"elementor-post__text\">\n\t\t\t\t<h3 class=\"elementor-post__title\">\n\t\t\t<a href=\"https:\/\/sfconsultores.com\/en\/abierta-convocatoria-reindustrializacion-2018\/\" >\n\t\t\t\tOPEN CALL FOR REINDUSTRIALIZATION 2018\t\t\t<\/a>\n\t\t<\/h3>\n\t\t\t\t<div class=\"elementor-post__excerpt\">\n\t\t\t<p>Finally, the 2018 call for the Reindustrialization and Strengthening of Industrial Competitiveness Plans is published. This aid provides preferential loans to Spanish industries destined to carry out investment projects in<\/p>\n\t\t<\/div>\n\t\t\n\t\t<a class=\"elementor-post__read-more\" href=\"https:\/\/sfconsultores.com\/en\/abierta-convocatoria-reindustrializacion-2018\/\" aria-label=\"Read more about OPEN CALL FOR REINDUSTRIALIZATION 2018\" tabindex=\"-1\" >\n\t\t\tRead more \u00bb\t\t<\/a>\n\n\t\t\t\t<\/div>\n\t\t\t\t\t<\/div>\n\t\t<\/article>\n\t\t\t\t<article class=\"elementor-post elementor-grid-item post-4240 post type-post status-publish format-standard hentry category-boletin\" role=\"listitem\">\n\t\t\t<div class=\"elementor-post__card\">\n\t\t\t\t<div class=\"elementor-post__text\">\n\t\t\t\t<h3 class=\"elementor-post__title\">\n\t\t\t<a href=\"https:\/\/sfconsultores.com\/en\/convocatorias-2019-proyectos-colaborativos-internacionales-bilaterales\/\" >\n\t\t\t\tCALLS 2019 International Collaborative Projects: BILATERAL\t\t\t<\/a>\n\t\t<\/h3>\n\t\t\t\t<div class=\"elementor-post__excerpt\">\n\t\t\t<p>[vc_row][vc_column][vc_column_text] Spain- Morocco, support for I+D+i Opportunities for Spanish companies participating in a consortium with Morocco Technological cooperation would be necessary for the development of research and development projects, close<\/p>\n\t\t<\/div>\n\t\t\n\t\t<a class=\"elementor-post__read-more\" href=\"https:\/\/sfconsultores.com\/en\/convocatorias-2019-proyectos-colaborativos-internacionales-bilaterales\/\" aria-label=\"Read more about CALLS 2019 International Collaborative Projects: BILATERAL\" tabindex=\"-1\" >\n\t\t\tRead more \u00bb\t\t<\/a>\n\n\t\t\t\t<\/div>\n\t\t\t\t\t<\/div>\n\t\t<\/article>\n\t\t\t\t<article class=\"elementor-post elementor-grid-item post-4239 post type-post status-publish format-standard has-post-thumbnail hentry category-noticias\" role=\"listitem\">\n\t\t\t<div class=\"elementor-post__card\">\n\t\t\t\t<a class=\"elementor-post__thumbnail__link\" href=\"https:\/\/sfconsultores.com\/en\/new-calls-eranet-grant-al-60-a-international-cooperation-in-idi\/\" tabindex=\"-1\" ><div class=\"elementor-post__thumbnail\"><img decoding=\"async\" width=\"505\" height=\"296\" src=\"https:\/\/sfconsultores.com\/en\/wp-content\/uploads\/2018\/07\/2018-07-25_11h44_14.png\" class=\"attachment-full size-full wp-image-2024\" alt=\"i+d\" srcset=\"https:\/\/sfconsultores.com\/en\/wp-content\/uploads\/2018\/07\/2018-07-25_11h44_14.png 505w, https:\/\/sfconsultores.com\/en\/wp-content\/uploads\/2018\/07\/2018-07-25_11h44_14-300x176.png 300w, https:\/\/sfconsultores.com\/en\/wp-content\/uploads\/2018\/07\/2018-07-25_11h44_14-350x204.png 350w\" sizes=\"(max-width: 505px) 100vw, 505px\" \/><\/div><\/a>\n\t\t\t\t<div class=\"elementor-post__badge\">Noticias<\/div>\n\t\t\t\t<div class=\"elementor-post__text\">\n\t\t\t\t<h3 class=\"elementor-post__title\">\n\t\t\t<a href=\"https:\/\/sfconsultores.com\/en\/new-calls-eranet-grant-al-60-a-international-cooperation-in-idi\/\" >\n\t\t\t\tNew ERA-NET calls. 60% grant to international cooperation in I+D+i\t\t\t<\/a>\n\t\t<\/h3>\n\t\t\t\t<div class=\"elementor-post__excerpt\">\n\t\t\t<p>New ERA-NET Calls for international R&#038;D projects. The ERA-NET programs are integrated by countries of the European Union and other geographical areas to support collaboration between companies and entities from<\/p>\n\t\t<\/div>\n\t\t\n\t\t<a class=\"elementor-post__read-more\" href=\"https:\/\/sfconsultores.com\/en\/new-calls-eranet-grant-al-60-a-international-cooperation-in-idi\/\" aria-label=\"Read more about New ERA-NET calls. 60% grant to international cooperation in I+D+i\" tabindex=\"-1\" >\n\t\t\tRead more \u00bb\t\t<\/a>\n\n\t\t\t\t<\/div>\n\t\t\t\t\t<\/div>\n\t\t<\/article>\n\t\t\t\t<article class=\"elementor-post elementor-grid-item post-4238 post type-post status-publish format-standard hentry category-noticias\" role=\"listitem\">\n\t\t\t<div class=\"elementor-post__card\">\n\t\t\t\t<div class=\"elementor-post__text\">\n\t\t\t\t<h3 class=\"elementor-post__title\">\n\t\t\t<a href=\"https:\/\/sfconsultores.com\/en\/call-for-aid-for-projects-pilot-of-technology-5g\/\" >\n\t\t\t\tCALL FOR AID FOR 5G TECHNOLOGY PILOT PROJECTS\t\t\t<\/a>\n\t\t<\/h3>\n\t\t\t\t<div class=\"elementor-post__excerpt\">\n\t\t\t<p>On October 13, a special call for the development of business initiatives for the development of I+D projects linked to the new 5G communications technology was published. https:\/\/www.boe.es\/diario_boe\/txt.php?id=BOE-B-2018-48826 This call<\/p>\n\t\t<\/div>\n\t\t\n\t\t<a class=\"elementor-post__read-more\" href=\"https:\/\/sfconsultores.com\/en\/call-for-aid-for-projects-pilot-of-technology-5g\/\" aria-label=\"Read more about CALL FOR AID FOR 5G TECHNOLOGY PILOT PROJECTS\" tabindex=\"-1\" >\n\t\t\tRead more \u00bb\t\t<\/a>\n\n\t\t\t\t<\/div>\n\t\t\t\t\t<\/div>\n\t\t<\/article>\n\t\t\t\t<article class=\"elementor-post elementor-grid-item post-4237 post type-post status-publish format-standard hentry category-noticias\" role=\"listitem\">\n\t\t\t<div class=\"elementor-post__card\">\n\t\t\t\t<div class=\"elementor-post__text\">\n\t\t\t\t<h3 class=\"elementor-post__title\">\n\t\t\t<a href=\"https:\/\/sfconsultores.com\/en\/extension-term-of-request-aid-idae-to-energy-efficiency-industrial\/\" >\n\t\t\t\tEXTENSION OF APPLICATION FOR IDAE AID FOR INDUSTRIAL ENERGY EFFICIENCY\t\t\t<\/a>\n\t\t<\/h3>\n\t\t\t\t<div class=\"elementor-post__excerpt\">\n\t\t\t<p>The second call of the IDEA Plan to support industrial energy efficiency has been extended until the end of the year. This program supports a whole set of energy efficiency<\/p>\n\t\t<\/div>\n\t\t\n\t\t<a class=\"elementor-post__read-more\" href=\"https:\/\/sfconsultores.com\/en\/extension-term-of-request-aid-idae-to-energy-efficiency-industrial\/\" aria-label=\"Read more about EXTENSION OF APPLICATION FOR IDAE AID FOR INDUSTRIAL ENERGY EFFICIENCY\" tabindex=\"-1\" >\n\t\t\tRead more \u00bb\t\t<\/a>\n\n\t\t\t\t<\/div>\n\t\t\t\t\t<\/div>\n\t\t<\/article>\n\t\t\t\t<article class=\"elementor-post elementor-grid-item post-4236 post type-post status-publish format-standard hentry category-noticias\" role=\"listitem\">\n\t\t\t<div class=\"elementor-post__card\">\n\t\t\t\t<div class=\"elementor-post__text\">\n\t\t\t\t<h3 class=\"elementor-post__title\">\n\t\t\t<a href=\"https:\/\/sfconsultores.com\/en\/news-call-plan-of-reindustrialization-2018-radical-reduction-of-interest-types\/\" >\n\t\t\t\tNEWS CALL FOR REINDUSTRIALIZATION PLAN 2018: RADICAL REDUCTION OF INTEREST RATES\t\t\t<\/a>\n\t\t<\/h3>\n\t\t\t\t<div class=\"elementor-post__excerpt\">\n\t\t\t<p>As is known, the 2018 call for the National Plan for Reindustrialization and Competitiveness of preferential loans to industrial companies was halted in the middle of the year due to<\/p>\n\t\t<\/div>\n\t\t\n\t\t<a class=\"elementor-post__read-more\" href=\"https:\/\/sfconsultores.com\/en\/news-call-plan-of-reindustrialization-2018-radical-reduction-of-interest-types\/\" aria-label=\"Read more about NEWS CALL FOR REINDUSTRIALIZATION PLAN 2018: RADICAL REDUCTION OF INTEREST RATES\" tabindex=\"-1\" >\n\t\t\tRead more \u00bb\t\t<\/a>\n\n\t\t\t\t<\/div>\n\t\t\t\t\t<\/div>\n\t\t<\/article>\n\t\t\t\t<article class=\"elementor-post elementor-grid-item post-4235 post type-post status-publish format-standard hentry category-noticias\" role=\"listitem\">\n\t\t\t<div class=\"elementor-post__card\">\n\t\t\t\t<div class=\"elementor-post__text\">\n\t\t\t\t<h3 class=\"elementor-post__title\">\n\t\t\t<a href=\"https:\/\/sfconsultores.com\/en\/news-call-ivace-creation-of-technology-based-companies-2019\/\" >\n\t\t\t\tNEWS CALL IVACE CREATION OF TECHNOLOGICAL BASED COMPANIES 2019\t\t\t<\/a>\n\t\t<\/h3>\n\t\t\t\t<div class=\"elementor-post__excerpt\">\n\t\t\t<p>In the series of talks held on September 11 at the headquarters of the CEV in Valencia, the representative of IVACE has announced a series of very significant developments for<\/p>\n\t\t<\/div>\n\t\t\n\t\t<a class=\"elementor-post__read-more\" href=\"https:\/\/sfconsultores.com\/en\/news-call-ivace-creation-of-technology-based-companies-2019\/\" aria-label=\"Read more about NEWS CALL IVACE CREATION OF TECHNOLOGICAL BASED COMPANIES 2019\" tabindex=\"-1\" >\n\t\t\tRead more \u00bb\t\t<\/a>\n\n\t\t\t\t<\/div>\n\t\t\t\t\t<\/div>\n\t\t<\/article>\n\t\t\t\t<article class=\"elementor-post elementor-grid-item post-4234 post type-post status-publish format-standard has-post-thumbnail hentry category-noticias\" role=\"listitem\">\n\t\t\t<div class=\"elementor-post__card\">\n\t\t\t\t<a class=\"elementor-post__thumbnail__link\" href=\"https:\/\/sfconsultores.com\/en\/call-2018-cdti-neotec-subsidy-of-70-to-technology-based-companies-of-recent-creation\/\" tabindex=\"-1\" ><div class=\"elementor-post__thumbnail\"><img decoding=\"async\" width=\"335\" height=\"150\" src=\"https:\/\/sfconsultores.com\/en\/wp-content\/uploads\/2018\/07\/CDTI-logo.png\" class=\"attachment-full size-full wp-image-2020\" alt=\"CDTI SF Consultores\" srcset=\"https:\/\/sfconsultores.com\/en\/wp-content\/uploads\/2018\/07\/CDTI-logo.png 335w, https:\/\/sfconsultores.com\/en\/wp-content\/uploads\/2018\/07\/CDTI-logo-300x134.png 300w\" sizes=\"(max-width: 335px) 100vw, 335px\" \/><\/div><\/a>\n\t\t\t\t<div class=\"elementor-post__badge\">Noticias<\/div>\n\t\t\t\t<div class=\"elementor-post__text\">\n\t\t\t\t<h3 class=\"elementor-post__title\">\n\t\t\t<a href=\"https:\/\/sfconsultores.com\/en\/call-2018-cdti-neotec-subsidy-of-70-to-technology-based-companies-of-recent-creation\/\" >\n\t\t\t\t2018 CDTI NEOTEC Call: 70% subsidy to newly established technology-based companies\t\t\t<\/a>\n\t\t<\/h3>\n\t\t\t\t<div class=\"elementor-post__excerpt\">\n\t\t\t<p>The NEOTEC 2018 call has recently been opened with the aim of supporting recently created Spanish small companies (since October 2015) whose activity is based on previous technological innovation developments.<\/p>\n\t\t<\/div>\n\t\t\n\t\t<a class=\"elementor-post__read-more\" href=\"https:\/\/sfconsultores.com\/en\/call-2018-cdti-neotec-subsidy-of-70-to-technology-based-companies-of-recent-creation\/\" aria-label=\"Read more about 2018 CDTI NEOTEC Call: 70% subsidy to newly established technology-based companies\" tabindex=\"-1\" >\n\t\t\tRead more \u00bb\t\t<\/a>\n\n\t\t\t\t<\/div>\n\t\t\t\t\t<\/div>\n\t\t<\/article>\n\t\t\t\t<article class=\"elementor-post elementor-grid-item post-4233 post type-post status-publish format-standard has-post-thumbnail hentry category-noticias\" role=\"listitem\">\n\t\t\t<div class=\"elementor-post__card\">\n\t\t\t\t<a class=\"elementor-post__thumbnail__link\" href=\"https:\/\/sfconsultores.com\/en\/new-line-of-support-to-large-term-id-projects\/\" tabindex=\"-1\" ><div class=\"elementor-post__thumbnail\"><img decoding=\"async\" width=\"505\" height=\"296\" src=\"https:\/\/sfconsultores.com\/en\/wp-content\/uploads\/2018\/07\/2018-07-25_11h44_14.png\" class=\"attachment-full size-full wp-image-2024\" alt=\"i+d\" srcset=\"https:\/\/sfconsultores.com\/en\/wp-content\/uploads\/2018\/07\/2018-07-25_11h44_14.png 505w, https:\/\/sfconsultores.com\/en\/wp-content\/uploads\/2018\/07\/2018-07-25_11h44_14-300x176.png 300w, https:\/\/sfconsultores.com\/en\/wp-content\/uploads\/2018\/07\/2018-07-25_11h44_14-350x204.png 350w\" sizes=\"(max-width: 505px) 100vw, 505px\" \/><\/div><\/a>\n\t\t\t\t<div class=\"elementor-post__badge\">Noticias<\/div>\n\t\t\t\t<div class=\"elementor-post__text\">\n\t\t\t\t<h3 class=\"elementor-post__title\">\n\t\t\t<a href=\"https:\/\/sfconsultores.com\/en\/new-line-of-support-to-large-term-id-projects\/\" >\n\t\t\t\tNEW SUPPORT LINE FOR LARGE LONG-TERM I+D PROJECTS\t\t\t<\/a>\n\t\t<\/h3>\n\t\t\t\t<div class=\"elementor-post__excerpt\">\n\t\t\t<p>In its redefinition process, CDTI has launched a new interest-free loan line + grant up to 85% of the costs for powerful Research and Development projects to be carried out<\/p>\n\t\t<\/div>\n\t\t\n\t\t<a class=\"elementor-post__read-more\" href=\"https:\/\/sfconsultores.com\/en\/new-line-of-support-to-large-term-id-projects\/\" aria-label=\"Read more about NEW SUPPORT LINE FOR LARGE LONG-TERM I+D PROJECTS\" tabindex=\"-1\" >\n\t\t\tRead more \u00bb\t\t<\/a>\n\n\t\t\t\t<\/div>\n\t\t\t\t\t<\/div>\n\t\t<\/article>\n\t\t\t\t<article class=\"elementor-post elementor-grid-item post-4232 post type-post status-publish format-standard has-post-thumbnail hentry category-noticias\" role=\"listitem\">\n\t\t\t<div class=\"elementor-post__card\">\n\t\t\t\t<a class=\"elementor-post__thumbnail__link\" href=\"https:\/\/sfconsultores.com\/en\/the-cdti-opens-the-line-lic-to-support-for-the-innovative-investment\/\" tabindex=\"-1\" ><div class=\"elementor-post__thumbnail\"><img decoding=\"async\" width=\"335\" height=\"150\" src=\"https:\/\/sfconsultores.com\/en\/wp-content\/uploads\/2018\/07\/CDTI-logo.png\" class=\"attachment-full size-full wp-image-2020\" alt=\"CDTI SF Consultores\" srcset=\"https:\/\/sfconsultores.com\/en\/wp-content\/uploads\/2018\/07\/CDTI-logo.png 335w, https:\/\/sfconsultores.com\/en\/wp-content\/uploads\/2018\/07\/CDTI-logo-300x134.png 300w\" sizes=\"(max-width: 335px) 100vw, 335px\" \/><\/div><\/a>\n\t\t\t\t<div class=\"elementor-post__badge\">Noticias<\/div>\n\t\t\t\t<div class=\"elementor-post__text\">\n\t\t\t\t<h3 class=\"elementor-post__title\">\n\t\t\t<a href=\"https:\/\/sfconsultores.com\/en\/the-cdti-opens-the-line-lic-to-support-for-the-innovative-investment\/\" >\n\t\t\t\tThe CDTI opens the LIC-A Line of innovative investment support\t\t\t<\/a>\n\t\t<\/h3>\n\t\t\t\t<div class=\"elementor-post__excerpt\">\n\t\t\t<p>Last week, CDTI opened the LIC-A Line to support innovative investment in companies in certain areas of Spain. Comunidad Valenciana, Castilla-Le\u00f3n, Murcia, Canarias, Andalucia, Castilla-La Mancha and Extremadura are the<\/p>\n\t\t<\/div>\n\t\t\n\t\t<a class=\"elementor-post__read-more\" href=\"https:\/\/sfconsultores.com\/en\/the-cdti-opens-the-line-lic-to-support-for-the-innovative-investment\/\" aria-label=\"Read more about The CDTI opens the LIC-A Line of innovative investment support\" tabindex=\"-1\" >\n\t\t\tRead more \u00bb\t\t<\/a>\n\n\t\t\t\t<\/div>\n\t\t\t\t\t<\/div>\n\t\t<\/article>\n\t\t\t\t<article class=\"elementor-post elementor-grid-item post-4231 post type-post status-publish format-standard has-post-thumbnail hentry category-noticias\" role=\"listitem\">\n\t\t\t<div class=\"elementor-post__card\">\n\t\t\t\t<a class=\"elementor-post__thumbnail__link\" href=\"https:\/\/sfconsultores.com\/en\/aid-agency-valencian-of-innovation-for-activities-idi\/\" tabindex=\"-1\" ><div class=\"elementor-post__thumbnail\"><img loading=\"lazy\" decoding=\"async\" width=\"960\" height=\"540\" src=\"https:\/\/sfconsultores.com\/en\/wp-content\/uploads\/2018\/07\/IDi.jpg\" class=\"attachment-full size-full wp-image-2015\" alt=\"Ayudas I+D+i\" srcset=\"https:\/\/sfconsultores.com\/en\/wp-content\/uploads\/2018\/07\/IDi.jpg 960w, https:\/\/sfconsultores.com\/en\/wp-content\/uploads\/2018\/07\/IDi-300x169.jpg 300w, https:\/\/sfconsultores.com\/en\/wp-content\/uploads\/2018\/07\/IDi-768x432.jpg 768w\" sizes=\"(max-width: 960px) 100vw, 960px\" \/><\/div><\/a>\n\t\t\t\t<div class=\"elementor-post__badge\">Noticias<\/div>\n\t\t\t\t<div class=\"elementor-post__text\">\n\t\t\t\t<h3 class=\"elementor-post__title\">\n\t\t\t<a href=\"https:\/\/sfconsultores.com\/en\/aid-agency-valencian-of-innovation-for-activities-idi\/\" >\n\t\t\t\tAid Valencian Agency of Innovation for I+D+i activities\t\t\t<\/a>\n\t\t<\/h3>\n\t\t\t\t<div class=\"elementor-post__excerpt\">\n\t\t\t<p>Last Friday, the first edition of the grants of the Valencian Agency of Innovation for the promotion of I+D+i activities between private and public agents of the Valencian economic fabric<\/p>\n\t\t<\/div>\n\t\t\n\t\t<a class=\"elementor-post__read-more\" href=\"https:\/\/sfconsultores.com\/en\/aid-agency-valencian-of-innovation-for-activities-idi\/\" aria-label=\"Read more about Aid Valencian Agency of Innovation for I+D+i activities\" tabindex=\"-1\" >\n\t\t\tRead more \u00bb\t\t<\/a>\n\n\t\t\t\t<\/div>\n\t\t\t\t\t<\/div>\n\t\t<\/article>\n\t\t\t\t<article class=\"elementor-post elementor-grid-item post-4230 post type-post status-publish format-standard has-post-thumbnail hentry category-noticias\" role=\"listitem\">\n\t\t\t<div class=\"elementor-post__card\">\n\t\t\t\t<a class=\"elementor-post__thumbnail__link\" href=\"https:\/\/sfconsultores.com\/en\/open-the-call-of-the-matching-program\/\" tabindex=\"-1\" ><div class=\"elementor-post__thumbnail\"><img loading=\"lazy\" decoding=\"async\" width=\"500\" height=\"238\" src=\"https:\/\/sfconsultores.com\/en\/wp-content\/uploads\/2018\/06\/ministerio_de_defensa.jpg\" class=\"attachment-full size-full wp-image-2011\" alt=\"Programa Coincidente\" srcset=\"https:\/\/sfconsultores.com\/en\/wp-content\/uploads\/2018\/06\/ministerio_de_defensa.jpg 500w, https:\/\/sfconsultores.com\/en\/wp-content\/uploads\/2018\/06\/ministerio_de_defensa-300x143.jpg 300w\" sizes=\"(max-width: 500px) 100vw, 500px\" \/><\/div><\/a>\n\t\t\t\t<div class=\"elementor-post__badge\">Noticias<\/div>\n\t\t\t\t<div class=\"elementor-post__text\">\n\t\t\t\t<h3 class=\"elementor-post__title\">\n\t\t\t<a href=\"https:\/\/sfconsultores.com\/en\/open-the-call-of-the-matching-program\/\" >\n\t\t\t\tCall for Coincident Program Open\t\t\t<\/a>\n\t\t<\/h3>\n\t\t\t\t<div class=\"elementor-post__excerpt\">\n\t\t\t<p>The call for the Coincident Program is open: Yesterday there was the convocation of the Ministry of Defense of the Coincident Program. This line of support supports up to 50%<\/p>\n\t\t<\/div>\n\t\t\n\t\t<a class=\"elementor-post__read-more\" href=\"https:\/\/sfconsultores.com\/en\/open-the-call-of-the-matching-program\/\" aria-label=\"Read more about Call for Coincident Program Open\" tabindex=\"-1\" >\n\t\t\tRead more \u00bb\t\t<\/a>\n\n\t\t\t\t<\/div>\n\t\t\t\t\t<\/div>\n\t\t<\/article>\n\t\t\t\t<article class=\"elementor-post elementor-grid-item post-4229 post type-post status-publish format-standard has-post-thumbnail hentry category-noticias\" role=\"listitem\">\n\t\t\t<div class=\"elementor-post__card\">\n\t\t\t\t<a class=\"elementor-post__thumbnail__link\" href=\"https:\/\/sfconsultores.com\/en\/the-participation-spanish-in-the-program-h2020\/\" tabindex=\"-1\" ><div class=\"elementor-post__thumbnail\"><img loading=\"lazy\" decoding=\"async\" width=\"1023\" height=\"460\" src=\"https:\/\/sfconsultores.com\/en\/wp-content\/uploads\/2018\/06\/sf-imagen.png\" class=\"attachment-full size-full wp-image-1977\" alt=\"participaci\u00f3n espa\u00f1ola en programa h2020\" srcset=\"https:\/\/sfconsultores.com\/en\/wp-content\/uploads\/2018\/06\/sf-imagen.png 1023w, https:\/\/sfconsultores.com\/en\/wp-content\/uploads\/2018\/06\/sf-imagen-300x135.png 300w, https:\/\/sfconsultores.com\/en\/wp-content\/uploads\/2018\/06\/sf-imagen-768x345.png 768w\" sizes=\"(max-width: 1023px) 100vw, 1023px\" \/><\/div><\/a>\n\t\t\t\t<div class=\"elementor-post__badge\">Noticias<\/div>\n\t\t\t\t<div class=\"elementor-post__text\">\n\t\t\t\t<h3 class=\"elementor-post__title\">\n\t\t\t<a href=\"https:\/\/sfconsultores.com\/en\/the-participation-spanish-in-the-program-h2020\/\" >\n\t\t\t\tThe Spanish participation in the H2020 program\t\t\t<\/a>\n\t\t<\/h3>\n\t\t\t\t<div class=\"elementor-post__excerpt\">\n\t\t\t<p>The main instrument for financing research activities in the European Union, Horizon 2020, puts at the service of all types of entities a total budget of around \u20ac 75,000 Million<\/p>\n\t\t<\/div>\n\t\t\n\t\t<a class=\"elementor-post__read-more\" href=\"https:\/\/sfconsultores.com\/en\/the-participation-spanish-in-the-program-h2020\/\" aria-label=\"Read more about The Spanish participation in the H2020 program\" tabindex=\"-1\" >\n\t\t\tRead more \u00bb\t\t<\/a>\n\n\t\t\t\t<\/div>\n\t\t\t\t\t<\/div>\n\t\t<\/article>\n\t\t\t\t<article class=\"elementor-post elementor-grid-item post-4228 post type-post status-publish format-standard hentry category-boletin\" role=\"listitem\">\n\t\t\t<div class=\"elementor-post__card\">\n\t\t\t\t<div class=\"elementor-post__text\">\n\t\t\t\t<h3 class=\"elementor-post__title\">\n\t\t\t<a href=\"https:\/\/sfconsultores.com\/en\/the-eurostars-program-catalyzes-the-international-cooperation-in-the-execution-of-innovative-projects\/\" >\n\t\t\t\tThe EUROSTARS program catalyzes international cooperation in the execution of innovative projects\t\t\t<\/a>\n\t\t<\/h3>\n\t\t\t\t<div class=\"elementor-post__excerpt\">\n\t\t\t<p>[vc_row][vc_column][vc_column_text] The EUROSTARS Program catalyzes international cooperation in the execution of innovative, market-oriented projects Aimed at market-oriented transnational projects. Intensive Spanish PYMES I+&#038;D, which will be the consortium leader and<\/p>\n\t\t<\/div>\n\t\t\n\t\t<a class=\"elementor-post__read-more\" href=\"https:\/\/sfconsultores.com\/en\/the-eurostars-program-catalyzes-the-international-cooperation-in-the-execution-of-innovative-projects\/\" aria-label=\"Read more about The EUROSTARS program catalyzes international cooperation in the execution of innovative projects\" tabindex=\"-1\" >\n\t\t\tRead more \u00bb\t\t<\/a>\n\n\t\t\t\t<\/div>\n\t\t\t\t\t<\/div>\n\t\t<\/article>\n\t\t\t\t<article class=\"elementor-post elementor-grid-item post-4227 post type-post status-publish format-standard hentry category-boletin\" role=\"listitem\">\n\t\t\t<div class=\"elementor-post__card\">\n\t\t\t\t<div class=\"elementor-post__text\">\n\t\t\t\t<h3 class=\"elementor-post__title\">\n\t\t\t<a href=\"https:\/\/sfconsultores.com\/en\/the-program-life-can-help-you-in-the-financing-of-this-kind-of-project\/\" >\n\t\t\t\tThe LIFE program can help you in financing this type of project\t\t\t<\/a>\n\t\t<\/h3>\n\t\t\t\t<div class=\"elementor-post__excerpt\">\n\t\t\t<p>[vc_row][vc_column][vc_column_text] Program Objective Contribute to the transition towards an efficient economy in the use of resources, low carbon and resilient to the climate Improve the development, implementation and enforcement of<\/p>\n\t\t<\/div>\n\t\t\n\t\t<a class=\"elementor-post__read-more\" href=\"https:\/\/sfconsultores.com\/en\/the-program-life-can-help-you-in-the-financing-of-this-kind-of-project\/\" aria-label=\"Read more about The LIFE program can help you in financing this type of project\" tabindex=\"-1\" >\n\t\t\tRead more \u00bb\t\t<\/a>\n\n\t\t\t\t<\/div>\n\t\t\t\t\t<\/div>\n\t\t<\/article>\n\t\t\t\t<article class=\"elementor-post elementor-grid-item post-4226 post type-post status-publish format-standard has-post-thumbnail hentry category-noticias\" role=\"listitem\">\n\t\t\t<div class=\"elementor-post__card\">\n\t\t\t\t<a class=\"elementor-post__thumbnail__link\" href=\"https:\/\/sfconsultores.com\/en\/open-the-term-for-the-affiliation-to-the-program-of-tutoring-to-the-internationalization\/\" tabindex=\"-1\" ><div class=\"elementor-post__thumbnail\"><img loading=\"lazy\" decoding=\"async\" width=\"940\" height=\"400\" src=\"https:\/\/sfconsultores.com\/en\/wp-content\/uploads\/2017\/10\/ayudas-2.jpg\" class=\"attachment-full size-full wp-image-1725\" alt=\"ayudas para empresas\" srcset=\"https:\/\/sfconsultores.com\/en\/wp-content\/uploads\/2017\/10\/ayudas-2.jpg 940w, https:\/\/sfconsultores.com\/en\/wp-content\/uploads\/2017\/10\/ayudas-2-300x128.jpg 300w, https:\/\/sfconsultores.com\/en\/wp-content\/uploads\/2017\/10\/ayudas-2-768x327.jpg 768w\" sizes=\"(max-width: 940px) 100vw, 940px\" \/><\/div><\/a>\n\t\t\t\t<div class=\"elementor-post__badge\">Noticias<\/div>\n\t\t\t\t<div class=\"elementor-post__text\">\n\t\t\t\t<h3 class=\"elementor-post__title\">\n\t\t\t<a href=\"https:\/\/sfconsultores.com\/en\/open-the-term-for-the-affiliation-to-the-program-of-tutoring-to-the-internationalization\/\" >\n\t\t\t\tOPEN THE DEADLINE FOR ADSCRIPTION TO THE IVACE PROGRAM OF INTERNATIONALIZATION TUTORIES\t\t\t<\/a>\n\t\t<\/h3>\n\t\t\t\t<div class=\"elementor-post__excerpt\">\n\t\t\t<p>El pasado abril se abri\u00f3 el plazo para la integraci\u00f3n en las diversas l\u00edneas de orientaci\u00f3n a la internacionalizaci\u00f3n de IVACE enfocados a las pymes valencianas que deseen potenciar su<\/p>\n\t\t<\/div>\n\t\t\n\t\t<a class=\"elementor-post__read-more\" href=\"https:\/\/sfconsultores.com\/en\/open-the-term-for-the-affiliation-to-the-program-of-tutoring-to-the-internationalization\/\" aria-label=\"Read more about OPEN THE DEADLINE FOR ADSCRIPTION TO THE IVACE PROGRAM OF INTERNATIONALIZATION TUTORIES\" tabindex=\"-1\" >\n\t\t\tRead more \u00bb\t\t<\/a>\n\n\t\t\t\t<\/div>\n\t\t\t\t\t<\/div>\n\t\t<\/article>\n\t\t\t\t<article class=\"elementor-post elementor-grid-item post-4225 post type-post status-publish format-standard hentry category-boletin\" role=\"listitem\">\n\t\t\t<div class=\"elementor-post__card\">\n\t\t\t\t<div class=\"elementor-post__text\">\n\t\t\t\t<h3 class=\"elementor-post__title\">\n\t\t\t<a href=\"https:\/\/sfconsultores.com\/en\/new-call-for-loans-to-industrial-investment\/\" >\n\t\t\t\tNew call for loans to industrial investment\t\t\t<\/a>\n\t\t<\/h3>\n\t\t\t\t<div class=\"elementor-post__excerpt\">\n\t\t\t<p>[vc_row][vc_column][vc_column_text] The imminent call for the 2018 Reindustrialization Plan is expected to financially support industrial investment projects that range from expansion to modernization, sustainability and innovation actions. In addition, several<\/p>\n\t\t<\/div>\n\t\t\n\t\t<a class=\"elementor-post__read-more\" href=\"https:\/\/sfconsultores.com\/en\/new-call-for-loans-to-industrial-investment\/\" aria-label=\"Read more about New call for loans to industrial investment\" tabindex=\"-1\" >\n\t\t\tRead more \u00bb\t\t<\/a>\n\n\t\t\t\t<\/div>\n\t\t\t\t\t<\/div>\n\t\t<\/article>\n\t\t\t\t<article class=\"elementor-post elementor-grid-item post-4224 post type-post status-publish format-standard hentry category-boletin\" role=\"listitem\">\n\t\t\t<div class=\"elementor-post__card\">\n\t\t\t\t<div class=\"elementor-post__text\">\n\t\t\t\t<h3 class=\"elementor-post__title\">\n\t\t\t<a href=\"https:\/\/sfconsultores.com\/en\/new-call-program-life-aid-european-to-innovation-in-the-area-of-sustainability\/\" >\n\t\t\t\tNEW LIFE PROGRAM CALL: EUROPEAN AID FOR INNOVATION IN THE AREA OF SUSTAINABILITY\t\t\t<\/a>\n\t\t<\/h3>\n\t\t\t\t<div class=\"elementor-post__excerpt\">\n\t\t\t<p>[vc_row][vc_column][vc_column_text] LIFE Program The LIFE Program is the only financial instrument of the European Union dedicated exclusively to the environment. Its general objective for the period 2004-2020 is to contribute<\/p>\n\t\t<\/div>\n\t\t\n\t\t<a class=\"elementor-post__read-more\" href=\"https:\/\/sfconsultores.com\/en\/new-call-program-life-aid-european-to-innovation-in-the-area-of-sustainability\/\" aria-label=\"Read more about NEW LIFE PROGRAM CALL: EUROPEAN AID FOR INNOVATION IN THE AREA OF SUSTAINABILITY\" tabindex=\"-1\" >\n\t\t\tRead more \u00bb\t\t<\/a>\n\n\t\t\t\t<\/div>\n\t\t\t\t\t<\/div>\n\t\t<\/article>\n\t\t\t\t<\/div>\n\t\t\n\t\t\t\t\t\t<\/div>\n\t\t\t\t<\/div>\n\t\t\t\t\t<\/div>\n\t\t<\/div>\n\t\t\t\t<div class=\"elementor-column elementor-col-50 elementor-top-column elementor-element elementor-element-6202614\" data-id=\"6202614\" data-element_type=\"column\">\n\t\t\t<div class=\"elementor-widget-wrap elementor-element-populated\">\n\t\t\t\t\t\t<div class=\"elementor-element elementor-element-6349778 elementor-widget elementor-widget-heading\" data-id=\"6349778\" data-element_type=\"widget\" data-widget_type=\"heading.default\">\n\t\t\t\t<div class=\"elementor-widget-container\">\n\t\t\t\t\t<h3 class=\"elementor-heading-title elementor-size-default\">Last News<\/h3>\t\t\t\t<\/div>\n\t\t\t\t<\/div>\n\t\t\t\t<div class=\"elementor-element elementor-element-5506048 elementor-grid-1 elementor-posts--thumbnail-none elementor-grid-tablet-2 elementor-grid-mobile-1 elementor-widget elementor-widget-posts\" data-id=\"5506048\" data-element_type=\"widget\" data-settings=\"{&quot;classic_columns&quot;:&quot;1&quot;,&quot;classic_columns_tablet&quot;:&quot;2&quot;,&quot;classic_columns_mobile&quot;:&quot;1&quot;,&quot;classic_row_gap&quot;:{&quot;unit&quot;:&quot;px&quot;,&quot;size&quot;:35,&quot;sizes&quot;:[]},&quot;classic_row_gap_tablet&quot;:{&quot;unit&quot;:&quot;px&quot;,&quot;size&quot;:&quot;&quot;,&quot;sizes&quot;:[]},&quot;classic_row_gap_mobile&quot;:{&quot;unit&quot;:&quot;px&quot;,&quot;size&quot;:&quot;&quot;,&quot;sizes&quot;:[]}}\" data-widget_type=\"posts.classic\">\n\t\t\t\t<div class=\"elementor-widget-container\">\n\t\t\t\t\t\t\t<div class=\"elementor-posts-container elementor-posts elementor-posts--skin-classic elementor-grid\" role=\"list\">\n\t\t\t\t<article class=\"elementor-post elementor-grid-item post-4253 post type-post status-publish format-standard hentry category-news\" role=\"listitem\">\n\t\t\t\t<div class=\"elementor-post__text\">\n\t\t\t\t<h3 class=\"elementor-post__title\">\n\t\t\t<a href=\"https:\/\/sfconsultores.com\/en\/cdti-measures-to-request-new-aid-for-investment-research-and-development-projects\/\" >\n\t\t\t\tCDTI measures to request new aid for investment, research and development projects\t\t\t<\/a>\n\t\t<\/h3>\n\t\t\t\t<\/div>\n\t\t\t\t<\/article>\n\t\t\t\t<article class=\"elementor-post elementor-grid-item post-4252 post type-post status-publish format-standard hentry category-news\" role=\"listitem\">\n\t\t\t\t<div class=\"elementor-post__text\">\n\t\t\t\t<h3 class=\"elementor-post__title\">\n\t\t\t<a href=\"https:\/\/sfconsultores.com\/en\/call-2020-aid-to-valencian-industrial-sectors-subsidy-35\/\" >\n\t\t\t\tCall 2020 aid to Valencian industrial sectors: subsidy 35%\t\t\t<\/a>\n\t\t<\/h3>\n\t\t\t\t<\/div>\n\t\t\t\t<\/article>\n\t\t\t\t<article class=\"elementor-post elementor-grid-item post-4251 post type-post status-publish format-standard hentry category-news\" role=\"listitem\">\n\t\t\t\t<div class=\"elementor-post__text\">\n\t\t\t\t<h3 class=\"elementor-post__title\">\n\t\t\t<a href=\"https:\/\/sfconsultores.com\/en\/aid-2020-torres-quevedo-and-industrial-doctorates\/\" >\n\t\t\t\tAid 2020 Torres Quevedo and Industrial Doctorates\t\t\t<\/a>\n\t\t<\/h3>\n\t\t\t\t<\/div>\n\t\t\t\t<\/article>\n\t\t\t\t<article class=\"elementor-post elementor-grid-item post-4250 post type-post status-publish format-standard hentry category-noticias\" role=\"listitem\">\n\t\t\t\t<div class=\"elementor-post__text\">\n\t\t\t\t<h3 class=\"elementor-post__title\">\n\t\t\t<a href=\"https:\/\/sfconsultores.com\/en\/new-calls-unified-loans-institut-valencia-de-finances\/\" >\n\t\t\t\tNew Unified Loans Calls Institut Valenci\u00e0 de Finances\t\t\t<\/a>\n\t\t<\/h3>\n\t\t\t\t<\/div>\n\t\t\t\t<\/article>\n\t\t\t\t<article class=\"elementor-post elementor-grid-item post-4249 post type-post status-publish format-standard hentry category-noticias\" role=\"listitem\">\n\t\t\t\t<div class=\"elementor-post__text\">\n\t\t\t\t<h3 class=\"elementor-post__title\">\n\t\t\t<a href=\"https:\/\/sfconsultores.com\/en\/new-calls-ivace-of-help-to-companies\/\" >\n\t\t\t\tNew IVACE Calls for Business Assistance\t\t\t<\/a>\n\t\t<\/h3>\n\t\t\t\t<\/div>\n\t\t\t\t<\/article>\n\t\t\t\t<article class=\"elementor-post elementor-grid-item post-4248 post type-post status-publish format-standard hentry category-noticias\" role=\"listitem\">\n\t\t\t\t<div class=\"elementor-post__text\">\n\t\t\t\t<h3 class=\"elementor-post__title\">\n\t\t\t<a href=\"https:\/\/sfconsultores.com\/en\/new-plan-of-support-to-the-idi\/\" >\n\t\t\t\tNew Plan to support the I+D+i\t\t\t<\/a>\n\t\t<\/h3>\n\t\t\t\t<\/div>\n\t\t\t\t<\/article>\n\t\t\t\t<\/div>\n\t\t\n\t\t\t\t\t\t<\/div>\n\t\t\t\t<\/div>\n\t\t\t\t\t<\/div>\n\t\t<\/div>\n\t\t\t\t\t<\/div>\n\t\t<\/section>\n\t\t\t\t<\/div>\n\t\t","protected":false},"excerpt":{"rendered":"<p>News SF Consultores Last News<\/p>\n","protected":false},"author":1,"featured_media":1725,"parent":0,"menu_order":0,"comment_status":"closed","ping_status":"closed","template":"elementor_header_footer","meta":{"site-sidebar-layout":"no-sidebar","site-content-layout":"","ast-site-content-layout":"full-width-container","site-content-style":"default","site-sidebar-style":"default","ast-global-header-display":"","ast-banner-title-visibility":"","ast-main-header-display":"","ast-hfb-above-header-display":"","ast-hfb-below-header-display":"","ast-hfb-mobile-header-display":"","site-post-title":"disabled","ast-breadcrumbs-content":"","ast-featured-img":"disabled","footer-sml-layout":"","theme-transparent-header-meta":"","adv-header-id-meta":"","stick-header-meta":"","header-above-stick-meta":"","header-main-stick-meta":"","header-below-stick-meta":"","astra-migrate-meta-layouts":"default","ast-page-background-enabled":"default","ast-page-background-meta":{"desktop":{"background-color":"var(--ast-global-color-4)","background-image":"","background-repeat":"repeat","background-position":"center center","background-size":"auto","background-attachment":"scroll","background-type":"","background-media":"","overlay-type":"","overlay-color":"","overlay-opacity":"","overlay-gradient":""},"tablet":{"background-color":"","background-image":"","background-repeat":"repeat","background-position":"center center","background-size":"auto","background-attachment":"scroll","background-type":"","background-media":"","overlay-type":"","overlay-color":"","overlay-opacity":"","overlay-gradient":""},"mobile":{"background-color":"","background-image":"","background-repeat":"repeat","background-position":"center center","background-size":"auto","background-attachment":"scroll","background-type":"","background-media":"","overlay-type":"","overlay-color":"","overlay-opacity":"","overlay-gradient":""}},"ast-content-background-meta":{"desktop":{"background-color":"var(--ast-global-color-5)","background-image":"","background-repeat":"repeat","background-position":"center center","background-size":"auto","background-attachment":"scroll","background-type":"","background-media":"","overlay-type":"","overlay-color":"","overlay-opacity":"","overlay-gradient":""},"tablet":{"background-color":"var(--ast-global-color-5)","background-image":"","background-repeat":"repeat","background-position":"center center","background-size":"auto","background-attachment":"scroll","background-type":"","background-media":"","overlay-type":"","overlay-color":"","overlay-opacity":"","overlay-gradient":""},"mobile":{"background-color":"var(--ast-global-color-5)","background-image":"","background-repeat":"repeat","background-position":"center center","background-size":"auto","background-attachment":"scroll","background-type":"","background-media":"","overlay-type":"","overlay-color":"","overlay-opacity":"","overlay-gradient":""}},"footnotes":""},"class_list":["post-7","page","type-page","status-publish","has-post-thumbnail","hentry"],"yoast_head":"<!-- This site is optimized with the Yoast SEO plugin v26.6 - https:\/\/yoast.com\/wordpress\/plugins\/seo\/ -->\n<title>News<\/title>\n<meta name=\"description\" content=\"SFCONSULTORES. News\" \/>\n<meta name=\"robots\" content=\"index, follow, max-snippet:-1, max-image-preview:large, max-video-preview:-1\" \/>\n<link rel=\"canonical\" href=\"https:\/\/sfconsultores.com\/en\/news\/\" \/>\n<meta property=\"og:locale\" content=\"en_GB\" \/>\n<meta property=\"og:type\" content=\"article\" \/>\n<meta property=\"og:title\" content=\"News\" \/>\n<meta property=\"og:description\" content=\"SFCONSULTORES. News\" \/>\n<meta property=\"og:url\" content=\"https:\/\/sfconsultores.com\/en\/news\/\" \/>\n<meta property=\"og:site_name\" content=\"Sf Consultores\" \/>\n<meta property=\"article:modified_time\" content=\"2025-08-06T13:12:51+00:00\" \/>\n<meta property=\"og:image\" content=\"https:\/\/sfconsultores.com\/en\/wp-content\/uploads\/2017\/10\/ayudas-2.jpg\" \/>\n\t<meta property=\"og:image:width\" content=\"940\" \/>\n\t<meta property=\"og:image:height\" content=\"400\" \/>\n\t<meta property=\"og:image:type\" content=\"image\/jpeg\" \/>\n<meta name=\"twitter:card\" content=\"summary_large_image\" \/>\n<meta name=\"twitter:label1\" content=\"Estimated reading time\" \/>\n\t<meta name=\"twitter:data1\" content=\"18 minutes\" \/>\n<script type=\"application\/ld+json\" class=\"yoast-schema-graph\">{\"@context\":\"https:\/\/schema.org\",\"@graph\":[{\"@type\":\"WebPage\",\"@id\":\"https:\/\/sfconsultores.com\/en\/news\/\",\"url\":\"https:\/\/sfconsultores.com\/en\/news\/\",\"name\":\"News\",\"isPartOf\":{\"@id\":\"https:\/\/sfconsultores.com\/en\/#website\"},\"primaryImageOfPage\":{\"@id\":\"https:\/\/sfconsultores.com\/en\/news\/#primaryimage\"},\"image\":{\"@id\":\"https:\/\/sfconsultores.com\/en\/news\/#primaryimage\"},\"thumbnailUrl\":\"https:\/\/sfconsultores.com\/en\/wp-content\/uploads\/2017\/10\/ayudas-2.jpg\",\"datePublished\":\"2015-12-15T07:37:19+00:00\",\"dateModified\":\"2025-08-06T13:12:51+00:00\",\"description\":\"SFCONSULTORES. News\",\"breadcrumb\":{\"@id\":\"https:\/\/sfconsultores.com\/en\/news\/#breadcrumb\"},\"inLanguage\":\"en-GB\",\"potentialAction\":[{\"@type\":\"ReadAction\",\"target\":[\"https:\/\/sfconsultores.com\/en\/news\/\"]}]},{\"@type\":\"ImageObject\",\"inLanguage\":\"en-GB\",\"@id\":\"https:\/\/sfconsultores.com\/en\/news\/#primaryimage\",\"url\":\"https:\/\/sfconsultores.com\/en\/wp-content\/uploads\/2017\/10\/ayudas-2.jpg\",\"contentUrl\":\"https:\/\/sfconsultores.com\/en\/wp-content\/uploads\/2017\/10\/ayudas-2.jpg\",\"width\":940,\"height\":400,\"caption\":\"ayudas para empresas\"},{\"@type\":\"BreadcrumbList\",\"@id\":\"https:\/\/sfconsultores.com\/en\/news\/#breadcrumb\",\"itemListElement\":[{\"@type\":\"ListItem\",\"position\":1,\"name\":\"Portada\",\"item\":\"https:\/\/sfconsultores.com\/en\/\"},{\"@type\":\"ListItem\",\"position\":2,\"name\":\"News\"}]},{\"@type\":\"WebSite\",\"@id\":\"https:\/\/sfconsultores.com\/en\/#website\",\"url\":\"https:\/\/sfconsultores.com\/en\/\",\"name\":\"Sf Consultores\",\"description\":\"\",\"publisher\":{\"@id\":\"https:\/\/sfconsultores.com\/en\/#organization\"},\"potentialAction\":[{\"@type\":\"SearchAction\",\"target\":{\"@type\":\"EntryPoint\",\"urlTemplate\":\"https:\/\/sfconsultores.com\/en\/?s={search_term_string}\"},\"query-input\":{\"@type\":\"PropertyValueSpecification\",\"valueRequired\":true,\"valueName\":\"search_term_string\"}}],\"inLanguage\":\"en-GB\"},{\"@type\":\"Organization\",\"@id\":\"https:\/\/sfconsultores.com\/en\/#organization\",\"name\":\"Sf Consultores\",\"url\":\"https:\/\/sfconsultores.com\/en\/\",\"logo\":{\"@type\":\"ImageObject\",\"inLanguage\":\"en-GB\",\"@id\":\"https:\/\/sfconsultores.com\/en\/#\/schema\/logo\/image\/\",\"url\":\"https:\/\/sfconsultores.com\/en\/wp-content\/uploads\/2024\/10\/logo-sf.webp\",\"contentUrl\":\"https:\/\/sfconsultores.com\/en\/wp-content\/uploads\/2024\/10\/logo-sf.webp\",\"width\":1000,\"height\":258,\"caption\":\"Sf Consultores\"},\"image\":{\"@id\":\"https:\/\/sfconsultores.com\/en\/#\/schema\/logo\/image\/\"}}]}<\/script>\n<!-- \/ Yoast SEO plugin. -->","yoast_head_json":{"title":"News","description":"SFCONSULTORES. News","robots":{"index":"index","follow":"follow","max-snippet":"max-snippet:-1","max-image-preview":"max-image-preview:large","max-video-preview":"max-video-preview:-1"},"canonical":"https:\/\/sfconsultores.com\/en\/news\/","og_locale":"en_GB","og_type":"article","og_title":"News","og_description":"SFCONSULTORES. News","og_url":"https:\/\/sfconsultores.com\/en\/news\/","og_site_name":"Sf Consultores","article_modified_time":"2025-08-06T13:12:51+00:00","og_image":[{"width":940,"height":400,"url":"https:\/\/sfconsultores.com\/en\/wp-content\/uploads\/2017\/10\/ayudas-2.jpg","type":"image\/jpeg"}],"twitter_card":"summary_large_image","twitter_misc":{"Estimated reading time":"18 minutes"},"schema":{"@context":"https:\/\/schema.org","@graph":[{"@type":"WebPage","@id":"https:\/\/sfconsultores.com\/en\/news\/","url":"https:\/\/sfconsultores.com\/en\/news\/","name":"News","isPartOf":{"@id":"https:\/\/sfconsultores.com\/en\/#website"},"primaryImageOfPage":{"@id":"https:\/\/sfconsultores.com\/en\/news\/#primaryimage"},"image":{"@id":"https:\/\/sfconsultores.com\/en\/news\/#primaryimage"},"thumbnailUrl":"https:\/\/sfconsultores.com\/en\/wp-content\/uploads\/2017\/10\/ayudas-2.jpg","datePublished":"2015-12-15T07:37:19+00:00","dateModified":"2025-08-06T13:12:51+00:00","description":"SFCONSULTORES. News","breadcrumb":{"@id":"https:\/\/sfconsultores.com\/en\/news\/#breadcrumb"},"inLanguage":"en-GB","potentialAction":[{"@type":"ReadAction","target":["https:\/\/sfconsultores.com\/en\/news\/"]}]},{"@type":"ImageObject","inLanguage":"en-GB","@id":"https:\/\/sfconsultores.com\/en\/news\/#primaryimage","url":"https:\/\/sfconsultores.com\/en\/wp-content\/uploads\/2017\/10\/ayudas-2.jpg","contentUrl":"https:\/\/sfconsultores.com\/en\/wp-content\/uploads\/2017\/10\/ayudas-2.jpg","width":940,"height":400,"caption":"ayudas para empresas"},{"@type":"BreadcrumbList","@id":"https:\/\/sfconsultores.com\/en\/news\/#breadcrumb","itemListElement":[{"@type":"ListItem","position":1,"name":"Portada","item":"https:\/\/sfconsultores.com\/en\/"},{"@type":"ListItem","position":2,"name":"News"}]},{"@type":"WebSite","@id":"https:\/\/sfconsultores.com\/en\/#website","url":"https:\/\/sfconsultores.com\/en\/","name":"Sf Consultores","description":"","publisher":{"@id":"https:\/\/sfconsultores.com\/en\/#organization"},"potentialAction":[{"@type":"SearchAction","target":{"@type":"EntryPoint","urlTemplate":"https:\/\/sfconsultores.com\/en\/?s={search_term_string}"},"query-input":{"@type":"PropertyValueSpecification","valueRequired":true,"valueName":"search_term_string"}}],"inLanguage":"en-GB"},{"@type":"Organization","@id":"https:\/\/sfconsultores.com\/en\/#organization","name":"Sf Consultores","url":"https:\/\/sfconsultores.com\/en\/","logo":{"@type":"ImageObject","inLanguage":"en-GB","@id":"https:\/\/sfconsultores.com\/en\/#\/schema\/logo\/image\/","url":"https:\/\/sfconsultores.com\/en\/wp-content\/uploads\/2024\/10\/logo-sf.webp","contentUrl":"https:\/\/sfconsultores.com\/en\/wp-content\/uploads\/2024\/10\/logo-sf.webp","width":1000,"height":258,"caption":"Sf Consultores"},"image":{"@id":"https:\/\/sfconsultores.com\/en\/#\/schema\/logo\/image\/"}}]}},"_links":{"self":[{"href":"https:\/\/sfconsultores.com\/en\/wp-json\/wp\/v2\/pages\/7","targetHints":{"allow":["GET"]}}],"collection":[{"href":"https:\/\/sfconsultores.com\/en\/wp-json\/wp\/v2\/pages"}],"about":[{"href":"https:\/\/sfconsultores.com\/en\/wp-json\/wp\/v2\/types\/page"}],"author":[{"embeddable":true,"href":"https:\/\/sfconsultores.com\/en\/wp-json\/wp\/v2\/users\/1"}],"replies":[{"embeddable":true,"href":"https:\/\/sfconsultores.com\/en\/wp-json\/wp\/v2\/comments?post=7"}],"version-history":[{"count":20,"href":"https:\/\/sfconsultores.com\/en\/wp-json\/wp\/v2\/pages\/7\/revisions"}],"predecessor-version":[{"id":4259,"href":"https:\/\/sfconsultores.com\/en\/wp-json\/wp\/v2\/pages\/7\/revisions\/4259"}],"wp:featuredmedia":[{"embeddable":true,"href":"https:\/\/sfconsultores.com\/en\/wp-json\/wp\/v2\/media\/1725"}],"wp:attachment":[{"href":"https:\/\/sfconsultores.com\/en\/wp-json\/wp\/v2\/media?parent=7"}],"curies":[{"name":"wp","href":"https:\/\/api.w.org\/{rel}","templated":true}]}}